{"id":2273,"date":"2022-04-13T22:07:33","date_gmt":"2022-04-13T22:07:33","guid":{"rendered":"http:\/\/taval.bikebuzzbd.com\/?page_id=3"},"modified":"2025-01-15T10:49:44","modified_gmt":"2025-01-15T09:49:44","slug":"privacy-policy-2","status":"publish","type":"page","link":"https:\/\/www.lesrivesdulac-annecy.com\/fr_fr\/privacy-policy-2\/","title":{"rendered":"Mentions L\u00e9gales"},"content":{"rendered":"\t\t<div data-elementor-type=\"wp-page\" data-elementor-id=\"2273\" class=\"elementor elementor-2273\" data-elementor-post-type=\"page\">\n\t\t\t\t\t\t<section data-exad-particle-enable=\"false\" class=\"elementor-section elementor-top-section elementor-element elementor-element-514e615 elementor-section-full_width elementor-section-height-default elementor-section-height-default exad-parallax-effect-no exad-background-color-change-no exad-glass-effect-no exad-sticky-section-no\" data-id=\"514e615\" data-element_type=\"section\">\n\t\t\t\t\t\t<div class=\"elementor-container elementor-column-gap-default\">\n\t\t\t\t\t<div class=\"elementor-column elementor-col-100 elementor-top-column elementor-element elementor-element-cfca919 exad-glass-effect-no exad-sticky-section-no\" data-id=\"cfca919\" data-element_type=\"column\">\n\t\t\t<div class=\"elementor-widget-wrap elementor-element-populated\">\n\t\t\t\t\t\t<div class=\"elementor-element elementor-element-fe6b3bc exad-sticky-section-no exad-glass-effect-no elementor-widget elementor-widget-image\" data-id=\"fe6b3bc\" data-element_type=\"widget\" data-widget_type=\"image.default\">\n\t\t\t\t<div class=\"elementor-widget-container\">\n\t\t\t<style>\/*! elementor - v3.21.0 - 08-05-2024 *\/\n.elementor-widget-image{text-align:center}.elementor-widget-image a{display:inline-block}.elementor-widget-image a img[src$=\".svg\"]{width:48px}.elementor-widget-image img{vertical-align:middle;display:inline-block}<\/style>\t\t\t\t\t\t\t\t\t\t<img fetchpriority=\"high\" decoding=\"async\" width=\"1908\" height=\"335\" src=\"https:\/\/www.lesrivesdulac-annecy.com\/wp-content\/uploads\/2023\/03\/slide-camping.jpg\" class=\"attachment-full size-full wp-image-2946\" alt=\"\" srcset=\"https:\/\/www.lesrivesdulac-annecy.com\/wp-content\/uploads\/2023\/03\/slide-camping.jpg 1908w, https:\/\/www.lesrivesdulac-annecy.com\/wp-content\/uploads\/2023\/03\/slide-camping-300x53.jpg 300w, https:\/\/www.lesrivesdulac-annecy.com\/wp-content\/uploads\/2023\/03\/slide-camping-1024x180.jpg 1024w, https:\/\/www.lesrivesdulac-annecy.com\/wp-content\/uploads\/2023\/03\/slide-camping-768x135.jpg 768w, https:\/\/www.lesrivesdulac-annecy.com\/wp-content\/uploads\/2023\/03\/slide-camping-1536x270.jpg 1536w\" sizes=\"(max-width: 1908px) 100vw, 1908px\" \/>\t\t\t\t\t\t\t\t\t\t\t\t\t<\/div>\n\t\t\t\t<\/div>\n\t\t\t\t\t<\/div>\n\t\t<\/div>\n\t\t\t\t\t<\/div>\n\t\t<\/section>\n\t\t\t\t<section data-exad-particle-enable=\"false\" class=\"elementor-section elementor-top-section elementor-element elementor-element-22fbbd56 elementor-section-boxed elementor-section-height-default elementor-section-height-default exad-parallax-effect-no exad-background-color-change-no exad-glass-effect-no exad-sticky-section-no\" data-id=\"22fbbd56\" data-element_type=\"section\">\n\t\t\t\t\t\t<div class=\"elementor-container elementor-column-gap-default\">\n\t\t\t\t\t<div class=\"elementor-column elementor-col-100 elementor-top-column elementor-element elementor-element-6cab48f1 exad-glass-effect-no exad-sticky-section-no\" data-id=\"6cab48f1\" data-element_type=\"column\">\n\t\t\t<div class=\"elementor-widget-wrap elementor-element-populated\">\n\t\t\t\t\t\t<div class=\"elementor-element elementor-element-5f668bc exad-sticky-section-no exad-glass-effect-no elementor-widget elementor-widget-spacer\" data-id=\"5f668bc\" data-element_type=\"widget\" data-widget_type=\"spacer.default\">\n\t\t\t\t<div class=\"elementor-widget-container\">\n\t\t\t<style>\/*! elementor - v3.21.0 - 08-05-2024 *\/\n.elementor-column .elementor-spacer-inner{height:var(--spacer-size)}.e-con{--container-widget-width:100%}.e-con-inner>.elementor-widget-spacer,.e-con>.elementor-widget-spacer{width:var(--container-widget-width,var(--spacer-size));--align-self:var(--container-widget-align-self,initial);--flex-shrink:0}.e-con-inner>.elementor-widget-spacer>.elementor-widget-container,.e-con>.elementor-widget-spacer>.elementor-widget-container{height:100%;width:100%}.e-con-inner>.elementor-widget-spacer>.elementor-widget-container>.elementor-spacer,.e-con>.elementor-widget-spacer>.elementor-widget-container>.elementor-spacer{height:100%}.e-con-inner>.elementor-widget-spacer>.elementor-widget-container>.elementor-spacer>.elementor-spacer-inner,.e-con>.elementor-widget-spacer>.elementor-widget-container>.elementor-spacer>.elementor-spacer-inner{height:var(--container-widget-height,var(--spacer-size))}.e-con-inner>.elementor-widget-spacer.elementor-widget-empty,.e-con>.elementor-widget-spacer.elementor-widget-empty{position:relative;min-height:22px;min-width:22px}.e-con-inner>.elementor-widget-spacer.elementor-widget-empty .elementor-widget-empty-icon,.e-con>.elementor-widget-spacer.elementor-widget-empty .elementor-widget-empty-icon{position:absolute;top:0;bottom:0;left:0;right:0;margin:auto;padding:0;width:22px;height:22px}<\/style>\t\t<div class=\"elementor-spacer\">\n\t\t\t<div class=\"elementor-spacer-inner\"><\/div>\n\t\t<\/div>\n\t\t\t\t<\/div>\n\t\t\t\t<\/div>\n\t\t\t\t<div class=\"elementor-element elementor-element-de1b2a5 exad-sticky-section-no exad-glass-effect-no elementor-widget elementor-widget-heading\" data-id=\"de1b2a5\" data-element_type=\"widget\" data-widget_type=\"heading.default\">\n\t\t\t\t<div class=\"elementor-widget-container\">\n\t\t\t<style>\/*! elementor - v3.21.0 - 08-05-2024 *\/\n.elementor-heading-title{padding:0;margin:0;line-height:1}.elementor-widget-heading .elementor-heading-title[class*=elementor-size-]>a{color:inherit;font-size:inherit;line-height:inherit}.elementor-widget-heading .elementor-heading-title.elementor-size-small{font-size:15px}.elementor-widget-heading .elementor-heading-title.elementor-size-medium{font-size:19px}.elementor-widget-heading .elementor-heading-title.elementor-size-large{font-size:29px}.elementor-widget-heading .elementor-heading-title.elementor-size-xl{font-size:39px}.elementor-widget-heading .elementor-heading-title.elementor-size-xxl{font-size:59px}<\/style><h2 class=\"elementor-heading-title elementor-size-default\">Mentions l\u00e9gales<\/h2>\t\t<\/div>\n\t\t\t\t<\/div>\n\t\t\t\t<div class=\"elementor-element elementor-element-dc09790 exad-sticky-section-no exad-glass-effect-no elementor-widget elementor-widget-spacer\" data-id=\"dc09790\" data-element_type=\"widget\" data-widget_type=\"spacer.default\">\n\t\t\t\t<div class=\"elementor-widget-container\">\n\t\t\t\t\t<div class=\"elementor-spacer\">\n\t\t\t<div class=\"elementor-spacer-inner\"><\/div>\n\t\t<\/div>\n\t\t\t\t<\/div>\n\t\t\t\t<\/div>\n\t\t\t\t<div class=\"elementor-element elementor-element-b1cf34e exad-sticky-section-no exad-glass-effect-no elementor-widget elementor-widget-image\" data-id=\"b1cf34e\" data-element_type=\"widget\" data-widget_type=\"image.default\">\n\t\t\t\t<div class=\"elementor-widget-container\">\n\t\t\t\t\t\t\t\t\t\t\t\t\t<img decoding=\"async\" width=\"640\" height=\"189\" src=\"https:\/\/www.lesrivesdulac-annecy.com\/wp-content\/uploads\/2023\/03\/logo-paddle-et-vague-1024x302.png\" class=\"attachment-large size-large wp-image-2932\" alt=\"\" srcset=\"https:\/\/www.lesrivesdulac-annecy.com\/wp-content\/uploads\/2023\/03\/logo-paddle-et-vague-1024x302.png 1024w, https:\/\/www.lesrivesdulac-annecy.com\/wp-content\/uploads\/2023\/03\/logo-paddle-et-vague-300x88.png 300w, https:\/\/www.lesrivesdulac-annecy.com\/wp-content\/uploads\/2023\/03\/logo-paddle-et-vague-768x226.png 768w, https:\/\/www.lesrivesdulac-annecy.com\/wp-content\/uploads\/2023\/03\/logo-paddle-et-vague.png 1031w\" sizes=\"(max-width: 640px) 100vw, 640px\" \/>\t\t\t\t\t\t\t\t\t\t\t\t\t<\/div>\n\t\t\t\t<\/div>\n\t\t\t\t<div class=\"elementor-element elementor-element-0a97e22 exad-sticky-section-no exad-glass-effect-no elementor-widget elementor-widget-text-editor\" data-id=\"0a97e22\" data-element_type=\"widget\" data-widget_type=\"text-editor.default\">\n\t\t\t\t<div class=\"elementor-widget-container\">\n\t\t\t<style>\/*! elementor - v3.21.0 - 08-05-2024 *\/\n.elementor-widget-text-editor.elementor-drop-cap-view-stacked .elementor-drop-cap{background-color:#69727d;color:#fff}.elementor-widget-text-editor.elementor-drop-cap-view-framed .elementor-drop-cap{color:#69727d;border:3px solid;background-color:transparent}.elementor-widget-text-editor:not(.elementor-drop-cap-view-default) .elementor-drop-cap{margin-top:8px}.elementor-widget-text-editor:not(.elementor-drop-cap-view-default) .elementor-drop-cap-letter{width:1em;height:1em}.elementor-widget-text-editor .elementor-drop-cap{float:left;text-align:center;line-height:1;font-size:50px}.elementor-widget-text-editor .elementor-drop-cap-letter{display:inline-block}<\/style>\t\t\t\t<p><span style=\"color: #1871d6;\">Responsable de publication<\/span><\/p>\t\t\t\t\t\t<\/div>\n\t\t\t\t<\/div>\n\t\t\t\t<div class=\"elementor-element elementor-element-cd3cca4 exad-sticky-section-no exad-glass-effect-no elementor-widget elementor-widget-text-editor\" data-id=\"cd3cca4\" data-element_type=\"widget\" data-widget_type=\"text-editor.default\">\n\t\t\t\t<div class=\"elementor-widget-container\">\n\t\t\t\t\t\t\t<p><span style=\"color: #808080; font-family: var( --e-global-typography-text-font-family ), Sans-serif; font-weight: var( --e-global-typography-text-font-weight );\">Directeur de la publication : M. Bruno Garancher, Pr\u00e9sident de la FFCC<br \/><\/span><span style=\"color: #808080; font-family: var( --e-global-typography-text-font-family ), Sans-serif; font-weight: var( --e-global-typography-text-font-weight );\">78 rue de Rivoli 75004 PARIS<\/span><\/p>\t\t\t\t\t\t<\/div>\n\t\t\t\t<\/div>\n\t\t\t\t<div class=\"elementor-element elementor-element-dceb2ca exad-sticky-section-no exad-glass-effect-no elementor-widget elementor-widget-text-editor\" data-id=\"dceb2ca\" data-element_type=\"widget\" data-widget_type=\"text-editor.default\">\n\t\t\t\t<div class=\"elementor-widget-container\">\n\t\t\t\t\t\t\t<p><span style=\"color: #1871d6;\">Identification de la soci\u00e9t\u00e9<\/span><\/p>\t\t\t\t\t\t<\/div>\n\t\t\t\t<\/div>\n\t\t\t\t<div class=\"elementor-element elementor-element-dfd08ee exad-sticky-section-no exad-glass-effect-no elementor-widget elementor-widget-text-editor\" data-id=\"dfd08ee\" data-element_type=\"widget\" data-widget_type=\"text-editor.default\">\n\t\t\t\t<div class=\"elementor-widget-container\">\n\t\t\t\t\t\t\t<p><span style=\"color: #808080;\"><b>Soci\u00e9t\u00e9 :<\/b> FFCC CAMPING LES RIVES DU LAC<br \/><b>Adresse :<\/b> 331, chemin des Communaux &#8211; 74320 SEVRIER<br \/><b>T\u00e9l. :<\/b> 04 50 52 40 14<br \/><b>SIRET :<\/b> 775 661 853 00215\u00a0<br \/><b>Code NAF :<\/b> 5530Z<br \/><b>TVA Intracommunautaire :<\/b> FR94 775 661 853<\/span><\/p>\t\t\t\t\t\t<\/div>\n\t\t\t\t<\/div>\n\t\t\t\t<div class=\"elementor-element elementor-element-9465ffb exad-sticky-section-no exad-glass-effect-no elementor-widget elementor-widget-text-editor\" data-id=\"9465ffb\" data-element_type=\"widget\" data-widget_type=\"text-editor.default\">\n\t\t\t\t<div class=\"elementor-widget-container\">\n\t\t\t\t\t\t\t<p><span style=\"color: #1871d6;\">Propri\u00e9t\u00e9 intellectuelle<\/span><\/p>\t\t\t\t\t\t<\/div>\n\t\t\t\t<\/div>\n\t\t\t\t<div class=\"elementor-element elementor-element-6e412c1 exad-sticky-section-no exad-glass-effect-no elementor-widget elementor-widget-text-editor\" data-id=\"6e412c1\" data-element_type=\"widget\" data-widget_type=\"text-editor.default\">\n\t\t\t\t<div class=\"elementor-widget-container\">\n\t\t\t\t\t\t\t<p><span style=\"color: #2c3943;\">L&#8217;ensemble de ce site est une \u0153uvre de cr\u00e9ation prot\u00e9g\u00e9e par le droit de la propri\u00e9t\u00e9 intellectuelle. Aucune modification de tout ou partie du contenu n\u2019est autoris\u00e9e.<br \/>Sauf autorisation de la FFCC, la reproduction ainsi que l\u2019utilisation du contenu du site, sa duplication, ou sa diffusion sur quelque support que ce soit sont interdites \u00e0 l\u2019exception de la consultation individuelle et priv\u00e9e.<br \/>Dans ce cadre, le contenu du site peut faire l\u2019objet de citations limit\u00e9es \u00e0 condition que le nom de la FFCC soit clairement cit\u00e9.<br \/>Les noms d\u2019entreprises ou d\u2019organismes, de marques, dessins ou mod\u00e8les ou brevets cit\u00e9s dans les contenus et n\u2019appartenant pas \u00e0 la FFCC restent la propri\u00e9t\u00e9 de leurs propri\u00e9taires respectifs.<\/span><\/p>\t\t\t\t\t\t<\/div>\n\t\t\t\t<\/div>\n\t\t\t\t<div class=\"elementor-element elementor-element-bf83c31 exad-sticky-section-no exad-glass-effect-no elementor-widget elementor-widget-text-editor\" data-id=\"bf83c31\" data-element_type=\"widget\" data-widget_type=\"text-editor.default\">\n\t\t\t\t<div class=\"elementor-widget-container\">\n\t\t\t\t\t\t\t<p><span style=\"color: #1871d6;\">Contenu<\/span><\/p>\t\t\t\t\t\t<\/div>\n\t\t\t\t<\/div>\n\t\t\t\t<div class=\"elementor-element elementor-element-e1c9098 exad-sticky-section-no exad-glass-effect-no elementor-widget elementor-widget-text-editor\" data-id=\"e1c9098\" data-element_type=\"widget\" data-widget_type=\"text-editor.default\">\n\t\t\t\t<div class=\"elementor-widget-container\">\n\t\t\t\t\t\t\t<p>La FFCC est susceptible, sans avertissement pr\u00e9alable de corriger et de modifier le contenu de ce site \u00e0 tout moment. Les informations pr\u00e9sent\u00e9es par le site <a href=\"https:\/\/ffcc.fr\" target=\"_blank\" rel=\"noopener\">ffcc.fr<\/a> ne constituent en aucun cas une offre commerciale ou \u00e0 contracter, ni des conseils ou avis juridiques.<br \/>La FFCC ne garantit en aucune mani\u00e8re l\u2019exactitude ni l\u2019exhaustivit\u00e9 des informations offertes sur <a href=\"https:\/\/ffcc.fr\" target=\"_blank\" rel=\"noopener\">ffcc.fr<\/a>. Le site est susceptible de pr\u00e9senter des impr\u00e9cisions techniques, factuelles ou des erreurs typographiques.<br \/>La FFCC d\u00e9cline toute responsabilit\u00e9 pour tous dommages directs et indirects, quels qu\u2019en soient les causes, origines, nature ou cons\u00e9quence, en raison de l\u2019acc\u00e8s \u00e0 ce site ou de l\u2019impossibilit\u00e9 d\u2019y acc\u00e9der, de m\u00eame que de l\u2019utilisation du site <a href=\"https:\/\/ffcc.fr\" target=\"_blank\" rel=\"noopener\">ffcc.fr<\/a> et\/ou du cr\u00e9dit accord\u00e9 \u00e0 une quelconque information qui en est directement ou indirectement retir\u00e9e.<\/p>\t\t\t\t\t\t<\/div>\n\t\t\t\t<\/div>\n\t\t\t\t<div class=\"elementor-element elementor-element-8b38bae exad-sticky-section-no exad-glass-effect-no elementor-widget elementor-widget-text-editor\" data-id=\"8b38bae\" data-element_type=\"widget\" data-widget_type=\"text-editor.default\">\n\t\t\t\t<div class=\"elementor-widget-container\">\n\t\t\t\t\t\t\t<p><span style=\"color: #1871d6;\">Liens externes<\/span><\/p>\t\t\t\t\t\t<\/div>\n\t\t\t\t<\/div>\n\t\t\t\t<div class=\"elementor-element elementor-element-25739f5 exad-sticky-section-no exad-glass-effect-no elementor-widget elementor-widget-text-editor\" data-id=\"25739f5\" data-element_type=\"widget\" data-widget_type=\"text-editor.default\">\n\t\t\t\t<div class=\"elementor-widget-container\">\n\t\t\t\t\t\t\t<p>Les liens hypertextes disponibles sur le site du camping les Rives du Lac peuvent orienter l\u2019internaute vers des sites ext\u00e9rieurs dont le contenu ne peut en aucune mani\u00e8re engager la responsabilit\u00e9 de la FFCC.<\/p>\t\t\t\t\t\t<\/div>\n\t\t\t\t<\/div>\n\t\t\t\t<div class=\"elementor-element elementor-element-58effe1 exad-sticky-section-no exad-glass-effect-no elementor-widget elementor-widget-text-editor\" data-id=\"58effe1\" data-element_type=\"widget\" data-widget_type=\"text-editor.default\">\n\t\t\t\t<div class=\"elementor-widget-container\">\n\t\t\t\t\t\t\t<p><span style=\"color: #1871d6;\">Donn\u00e9es personnelles<\/span><\/p>\t\t\t\t\t\t<\/div>\n\t\t\t\t<\/div>\n\t\t\t\t<div class=\"elementor-element elementor-element-c80c32e exad-sticky-section-no exad-glass-effect-no elementor-widget elementor-widget-text-editor\" data-id=\"c80c32e\" data-element_type=\"widget\" data-widget_type=\"text-editor.default\">\n\t\t\t\t<div class=\"elementor-widget-container\">\n\t\t\t\t\t\t\t<p>Conform\u00e9ment \u00e0 la Loi n\u00b078-17 du 6 janvier 1978 relative \u00e0 l\u2019informatique, aux fichiers et aux libert\u00e9s, le site a fait l\u2019objet d\u2019une d\u00e9claration aupr\u00e8s de la CNIL. De plus, tout internaute qui le souhaite dispose d\u2019un droit d\u2019acc\u00e8s et de modification des donn\u00e9es qu\u2019il aura laiss\u00e9es sur ou transmises via le site \u00e0 la FFCC.<\/p>\t\t\t\t\t\t<\/div>\n\t\t\t\t<\/div>\n\t\t\t\t<div class=\"elementor-element elementor-element-460dd61 exad-sticky-section-no exad-glass-effect-no elementor-widget elementor-widget-text-editor\" data-id=\"460dd61\" data-element_type=\"widget\" data-widget_type=\"text-editor.default\">\n\t\t\t\t<div class=\"elementor-widget-container\">\n\t\t\t\t\t\t\t<p><span style=\"color: #1871d6;\">Droit applicable<\/span><\/p>\t\t\t\t\t\t<\/div>\n\t\t\t\t<\/div>\n\t\t\t\t<div class=\"elementor-element elementor-element-f1b9de8 exad-sticky-section-no exad-glass-effect-no elementor-widget elementor-widget-text-editor\" data-id=\"f1b9de8\" data-element_type=\"widget\" data-widget_type=\"text-editor.default\">\n\t\t\t\t<div class=\"elementor-widget-container\">\n\t\t\t\t\t\t\t<p>Les pr\u00e9sentes conditions g\u00e9n\u00e9rales d\u2019utilisations sont soumises au droit fran\u00e7ais. La langue utilis\u00e9e sur ce site est le fran\u00e7ais. En cas de litige, les tribunaux fran\u00e7ais seront les seuls comp\u00e9tents.<\/p>\t\t\t\t\t\t<\/div>\n\t\t\t\t<\/div>\n\t\t\t\t\t<\/div>\n\t\t<\/div>\n\t\t\t\t\t<\/div>\n\t\t<\/section>\n\t\t\t\t<\/div>\n\t\t","protected":false},"excerpt":{"rendered":"<p>Mentions l\u00e9gales Responsable de publication Directeur de la publication : M. Bruno Garancher, Pr\u00e9sident de la FFCC78 rue de Rivoli 75004 PARIS Identification de la soci\u00e9t\u00e9 Soci\u00e9t\u00e9 : FFCC CAMPING LES RIVES DU LACAdresse : 331, chemin des Communaux &#8211; 74320 SEVRIERT\u00e9l. : 04 50 52 40 14SIRET : 775 661 853 00215\u00a0Code NAF : [&hellip;]<\/p>\n","protected":false},"author":1,"featured_media":0,"parent":0,"menu_order":0,"comment_status":"closed","ping_status":"closed","template":"elementor_header_footer","meta":{"footnotes":""},"aioseo_notices":[],"_links":{"self":[{"href":"https:\/\/www.lesrivesdulac-annecy.com\/fr_fr\/wp-json\/wp\/v2\/pages\/2273"}],"collection":[{"href":"https:\/\/www.lesrivesdulac-annecy.com\/fr_fr\/wp-json\/wp\/v2\/pages"}],"about":[{"href":"https:\/\/www.lesrivesdulac-annecy.com\/fr_fr\/wp-json\/wp\/v2\/types\/page"}],"author":[{"embeddable":true,"href":"https:\/\/www.lesrivesdulac-annecy.com\/fr_fr\/wp-json\/wp\/v2\/users\/1"}],"replies":[{"embeddable":true,"href":"https:\/\/www.lesrivesdulac-annecy.com\/fr_fr\/wp-json\/wp\/v2\/comments?post=2273"}],"version-history":[{"count":79,"href":"https:\/\/www.lesrivesdulac-annecy.com\/fr_fr\/wp-json\/wp\/v2\/pages\/2273\/revisions"}],"predecessor-version":[{"id":4751,"href":"https:\/\/www.lesrivesdulac-annecy.com\/fr_fr\/wp-json\/wp\/v2\/pages\/2273\/revisions\/4751"}],"wp:attachment":[{"href":"https:\/\/www.lesrivesdulac-annecy.com\/fr_fr\/wp-json\/wp\/v2\/media?parent=2273"}],"curies":[{"name":"wp","href":"https:\/\/api.w.org\/{rel}","templated":true}]}}